{"id":45,"date":"2020-08-31T13:56:18","date_gmt":"2020-08-31T13:56:18","guid":{"rendered":"http:\/\/tambourcorps-effeln.de\/?page_id=45"},"modified":"2020-11-26T12:36:19","modified_gmt":"2020-11-26T12:36:19","slug":"kontakt","status":"publish","type":"page","link":"http:\/\/tambourcorps-effeln.de\/?page_id=45","title":{"rendered":"Kontakt"},"content":{"rendered":"\t\t<div data-elementor-type=\"wp-page\" data-elementor-id=\"45\" class=\"elementor elementor-45\">\n\t\t\t\t\t\t<section class=\"elementor-section elementor-top-section elementor-element elementor-element-1ab2ab75 elementor-section-content-middle elementor-section-boxed elementor-section-height-default elementor-section-height-default\" data-id=\"1ab2ab75\" data-element_type=\"section\" data-e-type=\"section\">\n\t\t\t\t\t\t<div class=\"elementor-container elementor-column-gap-no\">\n\t\t\t\t\t<div class=\"elementor-column elementor-col-100 elementor-top-column elementor-element elementor-element-317173f0\" data-id=\"317173f0\" data-element_type=\"column\" data-e-type=\"column\">\n\t\t\t<div class=\"elementor-widget-wrap elementor-element-populated\">\n\t\t\t\t\t\t<div class=\"elementor-element elementor-element-677dbea8 elementor-widget elementor-widget-heading\" data-id=\"677dbea8\" data-element_type=\"widget\" data-e-type=\"widget\" data-widget_type=\"heading.default\">\n\t\t\t\t<div class=\"elementor-widget-container\">\n\t\t\t\t\t<h4 class=\"elementor-heading-title elementor-size-default\">Kontakt<\/h4>\t\t\t\t<\/div>\n\t\t\t\t<\/div>\n\t\t\t\t<section class=\"elementor-section elementor-inner-section elementor-element elementor-element-20b91fc0 elementor-section-boxed elementor-section-height-default elementor-section-height-default\" data-id=\"20b91fc0\" data-element_type=\"section\" data-e-type=\"section\">\n\t\t\t\t\t\t<div class=\"elementor-container elementor-column-gap-default\">\n\t\t\t\t\t<div class=\"elementor-column elementor-col-50 elementor-inner-column elementor-element elementor-element-7b741ce8\" data-id=\"7b741ce8\" data-element_type=\"column\" data-e-type=\"column\">\n\t\t\t<div class=\"elementor-widget-wrap elementor-element-populated\">\n\t\t\t\t\t\t<div class=\"elementor-element elementor-element-3dd42797 elementor-position-top elementor-widget elementor-widget-image-box\" data-id=\"3dd42797\" data-element_type=\"widget\" data-e-type=\"widget\" data-widget_type=\"image-box.default\">\n\t\t\t\t<div class=\"elementor-widget-container\">\n\t\t\t\t\t<div class=\"elementor-image-box-wrapper\"><figure class=\"elementor-image-box-img\"><img fetchpriority=\"high\" decoding=\"async\" width=\"400\" height=\"400\" src=\"http:\/\/tambourcorps-effeln.de\/wp-content\/uploads\/2020\/11\/rainer.jpg\" class=\"elementor-animation-grow attachment-full size-full wp-image-177\" alt=\"\" srcset=\"http:\/\/tambourcorps-effeln.de\/wp-content\/uploads\/2020\/11\/rainer.jpg 400w, http:\/\/tambourcorps-effeln.de\/wp-content\/uploads\/2020\/11\/rainer-300x300.jpg 300w, http:\/\/tambourcorps-effeln.de\/wp-content\/uploads\/2020\/11\/rainer-150x150.jpg 150w, http:\/\/tambourcorps-effeln.de\/wp-content\/uploads\/2020\/11\/rainer-75x75.jpg 75w\" sizes=\"(max-width: 400px) 100vw, 400px\" \/><\/figure><div class=\"elementor-image-box-content\"><h3 class=\"elementor-image-box-title\">Rainer Gr\u00fcne<\/h3><p class=\"elementor-image-box-description\">1. Vorsitzender <\/p><\/div><\/div>\t\t\t\t<\/div>\n\t\t\t\t<\/div>\n\t\t\t\t<div class=\"elementor-element elementor-element-3f333be2 elementor-widget elementor-widget-text-editor\" data-id=\"3f333be2\" data-element_type=\"widget\" data-e-type=\"widget\" data-widget_type=\"text-editor.default\">\n\t\t\t\t<div class=\"elementor-widget-container\">\n\t\t\t\t\t\t\t\t\t<p>Redderstra\u00dfe 1<\/p><p>59609 Anr\u00f6chte<\/p><p>Tel.: 02947\/9770655<\/p><div>E-Mail: <a href=\"mailto:rainer.gruene@web.de\">rainer.gruene@web.de<\/a><\/div>\t\t\t\t\t\t\t\t<\/div>\n\t\t\t\t<\/div>\n\t\t\t\t\t<\/div>\n\t\t<\/div>\n\t\t\t\t<div class=\"elementor-column elementor-col-50 elementor-inner-column elementor-element elementor-element-3c5834a8\" data-id=\"3c5834a8\" data-element_type=\"column\" data-e-type=\"column\">\n\t\t\t<div class=\"elementor-widget-wrap elementor-element-populated\">\n\t\t\t\t\t\t<div class=\"elementor-element elementor-element-1488cb15 elementor-position-top elementor-widget elementor-widget-image-box\" data-id=\"1488cb15\" data-element_type=\"widget\" data-e-type=\"widget\" data-widget_type=\"image-box.default\">\n\t\t\t\t<div class=\"elementor-widget-container\">\n\t\t\t\t\t<div class=\"elementor-image-box-wrapper\"><figure class=\"elementor-image-box-img\"><img decoding=\"async\" width=\"400\" height=\"400\" src=\"http:\/\/tambourcorps-effeln.de\/wp-content\/uploads\/2020\/11\/sebastian.jpg\" class=\"elementor-animation-grow attachment-full size-full wp-image-178\" alt=\"\" srcset=\"http:\/\/tambourcorps-effeln.de\/wp-content\/uploads\/2020\/11\/sebastian.jpg 400w, http:\/\/tambourcorps-effeln.de\/wp-content\/uploads\/2020\/11\/sebastian-300x300.jpg 300w, http:\/\/tambourcorps-effeln.de\/wp-content\/uploads\/2020\/11\/sebastian-150x150.jpg 150w, http:\/\/tambourcorps-effeln.de\/wp-content\/uploads\/2020\/11\/sebastian-75x75.jpg 75w\" sizes=\"(max-width: 400px) 100vw, 400px\" \/><\/figure><div class=\"elementor-image-box-content\"><h3 class=\"elementor-image-box-title\">Sebastian Grofe<\/h3><p class=\"elementor-image-box-description\">1. Kassiererr<\/p><\/div><\/div>\t\t\t\t<\/div>\n\t\t\t\t<\/div>\n\t\t\t\t<div class=\"elementor-element elementor-element-252a320f elementor-widget elementor-widget-text-editor\" data-id=\"252a320f\" data-element_type=\"widget\" data-e-type=\"widget\" data-widget_type=\"text-editor.default\">\n\t\t\t\t<div class=\"elementor-widget-container\">\n\t\t\t\t\t\t\t\t\t<p>Marktstra\u00dfe 23<\/p><p>59609 Anr\u00f6chte<\/p><p>Tel.: 02947\/97260<\/p><p>E-Mail:\u00a0<a href=\"mailto:sebastian@grofe.de\">sebastian@grofe.de<\/a><\/p>\t\t\t\t\t\t\t\t<\/div>\n\t\t\t\t<\/div>\n\t\t\t\t\t<\/div>\n\t\t<\/div>\n\t\t\t\t\t<\/div>\n\t\t<\/section>\n\t\t\t\t<section class=\"elementor-section elementor-inner-section elementor-element elementor-element-e1222cd elementor-section-boxed elementor-section-height-default elementor-section-height-default\" data-id=\"e1222cd\" data-element_type=\"section\" data-e-type=\"section\">\n\t\t\t\t\t\t<div class=\"elementor-container elementor-column-gap-default\">\n\t\t\t\t\t<div class=\"elementor-column elementor-col-50 elementor-inner-column elementor-element elementor-element-be66947\" data-id=\"be66947\" data-element_type=\"column\" data-e-type=\"column\">\n\t\t\t<div class=\"elementor-widget-wrap elementor-element-populated\">\n\t\t\t\t\t\t<div class=\"elementor-element elementor-element-3e3cb85 elementor-position-top elementor-widget elementor-widget-image-box\" data-id=\"3e3cb85\" data-element_type=\"widget\" data-e-type=\"widget\" data-widget_type=\"image-box.default\">\n\t\t\t\t<div class=\"elementor-widget-container\">\n\t\t\t\t\t<div class=\"elementor-image-box-wrapper\"><figure class=\"elementor-image-box-img\"><img decoding=\"async\" width=\"400\" height=\"400\" src=\"http:\/\/tambourcorps-effeln.de\/wp-content\/uploads\/2020\/11\/mareen.jpg\" class=\"elementor-animation-grow attachment-full size-full wp-image-176\" alt=\"\" srcset=\"http:\/\/tambourcorps-effeln.de\/wp-content\/uploads\/2020\/11\/mareen.jpg 400w, http:\/\/tambourcorps-effeln.de\/wp-content\/uploads\/2020\/11\/mareen-300x300.jpg 300w, http:\/\/tambourcorps-effeln.de\/wp-content\/uploads\/2020\/11\/mareen-150x150.jpg 150w, http:\/\/tambourcorps-effeln.de\/wp-content\/uploads\/2020\/11\/mareen-75x75.jpg 75w\" sizes=\"(max-width: 400px) 100vw, 400px\" \/><\/figure><div class=\"elementor-image-box-content\"><h3 class=\"elementor-image-box-title\">Mareen Busch<\/h3><p class=\"elementor-image-box-description\">Schriftf\u00fchrerin<\/p><\/div><\/div>\t\t\t\t<\/div>\n\t\t\t\t<\/div>\n\t\t\t\t<div class=\"elementor-element elementor-element-c47094d elementor-widget elementor-widget-text-editor\" data-id=\"c47094d\" data-element_type=\"widget\" data-e-type=\"widget\" data-widget_type=\"text-editor.default\">\n\t\t\t\t<div class=\"elementor-widget-container\">\n\t\t\t\t\t\t\t\t\t<p>Menzeler Stra\u00dfe 14<\/p><p>59609 Anr\u00f6chte<\/p><p>E-Mail:\u00a0<a href=\"mailto:mareen.linhoff@web.de\">mareen.linhoff@web.de<\/a><\/p>\t\t\t\t\t\t\t\t<\/div>\n\t\t\t\t<\/div>\n\t\t\t\t\t<\/div>\n\t\t<\/div>\n\t\t\t\t<div class=\"elementor-column elementor-col-50 elementor-inner-column elementor-element elementor-element-86b0098\" data-id=\"86b0098\" data-element_type=\"column\" data-e-type=\"column\">\n\t\t\t<div class=\"elementor-widget-wrap\">\n\t\t\t\t\t\t\t<\/div>\n\t\t<\/div>\n\t\t\t\t\t<\/div>\n\t\t<\/section>\n\t\t\t\t\t<\/div>\n\t\t<\/div>\n\t\t\t\t\t<\/div>\n\t\t<\/section>\n\t\t\t\t<\/div>\n\t\t","protected":false},"excerpt":{"rendered":"<p>Kontakt Rainer Gr\u00fcne 1. Vorsitzender Redderstra\u00dfe 1 59609 Anr\u00f6chte Tel.: 02947\/9770655 E-Mail: rainer.gruene@web.de Sebastian Grofe 1. Kassiererr Marktstra\u00dfe 23 59609 Anr\u00f6chte Tel.: 02947\/97260 E-Mail:\u00a0sebastian@grofe.de Mareen Busch Schriftf\u00fchrerin Menzeler Stra\u00dfe 14 59609 Anr\u00f6chte E-Mail:\u00a0mareen.linhoff@web.de<\/p>\n","protected":false},"author":1,"featured_media":0,"parent":0,"menu_order":0,"comment_status":"closed","ping_status":"closed","template":"elementor_header_footer","meta":{"footnotes":""},"class_list":["post-45","page","type-page","status-publish","hentry"],"_links":{"self":[{"href":"http:\/\/tambourcorps-effeln.de\/index.php?rest_route=\/wp\/v2\/pages\/45","targetHints":{"allow":["GET"]}}],"collection":[{"href":"http:\/\/tambourcorps-effeln.de\/index.php?rest_route=\/wp\/v2\/pages"}],"about":[{"href":"http:\/\/tambourcorps-effeln.de\/index.php?rest_route=\/wp\/v2\/types\/page"}],"author":[{"embeddable":true,"href":"http:\/\/tambourcorps-effeln.de\/index.php?rest_route=\/wp\/v2\/users\/1"}],"replies":[{"embeddable":true,"href":"http:\/\/tambourcorps-effeln.de\/index.php?rest_route=%2Fwp%2Fv2%2Fcomments&post=45"}],"version-history":[{"count":25,"href":"http:\/\/tambourcorps-effeln.de\/index.php?rest_route=\/wp\/v2\/pages\/45\/revisions"}],"predecessor-version":[{"id":309,"href":"http:\/\/tambourcorps-effeln.de\/index.php?rest_route=\/wp\/v2\/pages\/45\/revisions\/309"}],"wp:attachment":[{"href":"http:\/\/tambourcorps-effeln.de\/index.php?rest_route=%2Fwp%2Fv2%2Fmedia&parent=45"}],"curies":[{"name":"wp","href":"https:\/\/api.w.org\/{rel}","templated":true}]}}