{"id":35,"date":"2020-08-31T13:53:05","date_gmt":"2020-08-31T13:53:05","guid":{"rendered":"http:\/\/tambourcorps-effeln.de\/?page_id=35"},"modified":"2020-11-26T13:13:05","modified_gmt":"2020-11-26T13:13:05","slug":"geschichte","status":"publish","type":"page","link":"http:\/\/tambourcorps-effeln.de\/?page_id=35","title":{"rendered":"Geschichte"},"content":{"rendered":"\t\t<div data-elementor-type=\"wp-page\" data-elementor-id=\"35\" class=\"elementor elementor-35\">\n\t\t\t\t\t\t<section class=\"elementor-section elementor-top-section elementor-element elementor-element-031eaad elementor-section-boxed elementor-section-height-default elementor-section-height-default\" data-id=\"031eaad\" data-element_type=\"section\" data-e-type=\"section\">\n\t\t\t\t\t\t<div class=\"elementor-container elementor-column-gap-default\">\n\t\t\t\t\t<div class=\"elementor-column elementor-col-100 elementor-top-column elementor-element elementor-element-9eaac09\" data-id=\"9eaac09\" data-element_type=\"column\" data-e-type=\"column\">\n\t\t\t<div class=\"elementor-widget-wrap elementor-element-populated\">\n\t\t\t\t\t\t<div class=\"elementor-element elementor-element-a825a27 elementor-widget elementor-widget-heading\" data-id=\"a825a27\" data-element_type=\"widget\" data-e-type=\"widget\" data-widget_type=\"heading.default\">\n\t\t\t\t<div class=\"elementor-widget-container\">\n\t\t\t\t\t<h2 class=\"elementor-heading-title elementor-size-default\">Die Geschichte des Tamburcorps Effeln<\/h2>\t\t\t\t<\/div>\n\t\t\t\t<\/div>\n\t\t\t\t\t<\/div>\n\t\t<\/div>\n\t\t\t\t\t<\/div>\n\t\t<\/section>\n\t\t\t\t<section class=\"elementor-section elementor-top-section elementor-element elementor-element-c1549fe elementor-section-boxed elementor-section-height-default elementor-section-height-default\" data-id=\"c1549fe\" data-element_type=\"section\" data-e-type=\"section\">\n\t\t\t\t\t\t<div class=\"elementor-container elementor-column-gap-default\">\n\t\t\t\t\t<div class=\"elementor-column elementor-col-100 elementor-top-column elementor-element elementor-element-9074465\" data-id=\"9074465\" data-element_type=\"column\" data-e-type=\"column\">\n\t\t\t<div class=\"elementor-widget-wrap elementor-element-populated\">\n\t\t\t\t\t\t<div class=\"elementor-element elementor-element-3e1baf9 gallery-spacing-custom elementor-widget elementor-widget-image-gallery\" data-id=\"3e1baf9\" data-element_type=\"widget\" data-e-type=\"widget\" data-widget_type=\"image-gallery.default\">\n\t\t\t\t<div class=\"elementor-widget-container\">\n\t\t\t\t\t\t\t<div class=\"elementor-image-gallery\">\n\t\t\t<div id='gallery-1' class='gallery galleryid-35 gallery-columns-4 gallery-size-thumbnail'><figure class='gallery-item'>\n\t\t\t<div class='gallery-icon landscape'>\n\t\t\t\t<a data-elementor-open-lightbox=\"yes\" data-elementor-lightbox-slideshow=\"3e1baf9\" data-elementor-lightbox-title=\"Foto 4\" data-e-action-hash=\"#elementor-action%3Aaction%3Dlightbox%26settings%3DeyJpZCI6MTk3LCJ1cmwiOiJodHRwOlwvXC90YW1ib3VyY29ycHMtZWZmZWxuLmRlXC93cC1jb250ZW50XC91cGxvYWRzXC8yMDIwXC8xMVwvRm90by00LmpwZyIsInNsaWRlc2hvdyI6IjNlMWJhZjkifQ%3D%3D\" href='http:\/\/tambourcorps-effeln.de\/wp-content\/uploads\/2020\/11\/Foto-4.jpg'><img decoding=\"async\" width=\"150\" height=\"150\" src=\"http:\/\/tambourcorps-effeln.de\/wp-content\/uploads\/2020\/11\/Foto-4-150x150.jpg\" class=\"attachment-thumbnail size-thumbnail\" alt=\"\" srcset=\"http:\/\/tambourcorps-effeln.de\/wp-content\/uploads\/2020\/11\/Foto-4-150x150.jpg 150w, http:\/\/tambourcorps-effeln.de\/wp-content\/uploads\/2020\/11\/Foto-4-300x300.jpg 300w, http:\/\/tambourcorps-effeln.de\/wp-content\/uploads\/2020\/11\/Foto-4-75x75.jpg 75w\" sizes=\"(max-width: 150px) 100vw, 150px\" \/><\/a>\n\t\t\t<\/div><\/figure><figure class='gallery-item'>\n\t\t\t<div class='gallery-icon landscape'>\n\t\t\t\t<a data-elementor-open-lightbox=\"yes\" data-elementor-lightbox-slideshow=\"3e1baf9\" data-elementor-lightbox-title=\"Foto 3\" data-e-action-hash=\"#elementor-action%3Aaction%3Dlightbox%26settings%3DeyJpZCI6MTk2LCJ1cmwiOiJodHRwOlwvXC90YW1ib3VyY29ycHMtZWZmZWxuLmRlXC93cC1jb250ZW50XC91cGxvYWRzXC8yMDIwXC8xMVwvRm90by0zLmpwZyIsInNsaWRlc2hvdyI6IjNlMWJhZjkifQ%3D%3D\" href='http:\/\/tambourcorps-effeln.de\/wp-content\/uploads\/2020\/11\/Foto-3.jpg'><img decoding=\"async\" width=\"150\" height=\"150\" src=\"http:\/\/tambourcorps-effeln.de\/wp-content\/uploads\/2020\/11\/Foto-3-150x150.jpg\" class=\"attachment-thumbnail size-thumbnail\" alt=\"\" srcset=\"http:\/\/tambourcorps-effeln.de\/wp-content\/uploads\/2020\/11\/Foto-3-150x150.jpg 150w, http:\/\/tambourcorps-effeln.de\/wp-content\/uploads\/2020\/11\/Foto-3-300x300.jpg 300w, http:\/\/tambourcorps-effeln.de\/wp-content\/uploads\/2020\/11\/Foto-3-75x75.jpg 75w\" sizes=\"(max-width: 150px) 100vw, 150px\" \/><\/a>\n\t\t\t<\/div><\/figure><figure class='gallery-item'>\n\t\t\t<div class='gallery-icon landscape'>\n\t\t\t\t<a data-elementor-open-lightbox=\"yes\" data-elementor-lightbox-slideshow=\"3e1baf9\" data-elementor-lightbox-title=\"Foto 2\" data-e-action-hash=\"#elementor-action%3Aaction%3Dlightbox%26settings%3DeyJpZCI6MTk1LCJ1cmwiOiJodHRwOlwvXC90YW1ib3VyY29ycHMtZWZmZWxuLmRlXC93cC1jb250ZW50XC91cGxvYWRzXC8yMDIwXC8xMVwvRm90by0yLmpwZyIsInNsaWRlc2hvdyI6IjNlMWJhZjkifQ%3D%3D\" href='http:\/\/tambourcorps-effeln.de\/wp-content\/uploads\/2020\/11\/Foto-2.jpg'><img decoding=\"async\" width=\"150\" height=\"150\" src=\"http:\/\/tambourcorps-effeln.de\/wp-content\/uploads\/2020\/11\/Foto-2-150x150.jpg\" class=\"attachment-thumbnail size-thumbnail\" alt=\"\" srcset=\"http:\/\/tambourcorps-effeln.de\/wp-content\/uploads\/2020\/11\/Foto-2-150x150.jpg 150w, http:\/\/tambourcorps-effeln.de\/wp-content\/uploads\/2020\/11\/Foto-2-300x300.jpg 300w, http:\/\/tambourcorps-effeln.de\/wp-content\/uploads\/2020\/11\/Foto-2-75x75.jpg 75w\" sizes=\"(max-width: 150px) 100vw, 150px\" \/><\/a>\n\t\t\t<\/div><\/figure><figure class='gallery-item'>\n\t\t\t<div class='gallery-icon landscape'>\n\t\t\t\t<a data-elementor-open-lightbox=\"yes\" data-elementor-lightbox-slideshow=\"3e1baf9\" data-elementor-lightbox-title=\"Foto 1\" data-e-action-hash=\"#elementor-action%3Aaction%3Dlightbox%26settings%3DeyJpZCI6MTk0LCJ1cmwiOiJodHRwOlwvXC90YW1ib3VyY29ycHMtZWZmZWxuLmRlXC93cC1jb250ZW50XC91cGxvYWRzXC8yMDIwXC8xMVwvRm90by0xLmpwZyIsInNsaWRlc2hvdyI6IjNlMWJhZjkifQ%3D%3D\" href='http:\/\/tambourcorps-effeln.de\/wp-content\/uploads\/2020\/11\/Foto-1.jpg'><img loading=\"lazy\" decoding=\"async\" width=\"150\" height=\"150\" src=\"http:\/\/tambourcorps-effeln.de\/wp-content\/uploads\/2020\/11\/Foto-1-150x150.jpg\" class=\"attachment-thumbnail size-thumbnail\" alt=\"\" srcset=\"http:\/\/tambourcorps-effeln.de\/wp-content\/uploads\/2020\/11\/Foto-1-150x150.jpg 150w, http:\/\/tambourcorps-effeln.de\/wp-content\/uploads\/2020\/11\/Foto-1-300x300.jpg 300w, http:\/\/tambourcorps-effeln.de\/wp-content\/uploads\/2020\/11\/Foto-1-75x75.jpg 75w\" sizes=\"(max-width: 150px) 100vw, 150px\" \/><\/a>\n\t\t\t<\/div><\/figure><figure class='gallery-item'>\n\t\t\t<div class='gallery-icon landscape'>\n\t\t\t\t<a data-elementor-open-lightbox=\"yes\" data-elementor-lightbox-slideshow=\"3e1baf9\" data-elementor-lightbox-title=\"1930\" data-e-action-hash=\"#elementor-action%3Aaction%3Dlightbox%26settings%3DeyJpZCI6MTkzLCJ1cmwiOiJodHRwOlwvXC90YW1ib3VyY29ycHMtZWZmZWxuLmRlXC93cC1jb250ZW50XC91cGxvYWRzXC8yMDIwXC8xMVwvMTkzMC5qcGciLCJzbGlkZXNob3ciOiIzZTFiYWY5In0%3D\" href='http:\/\/tambourcorps-effeln.de\/wp-content\/uploads\/2020\/11\/1930.jpg'><img loading=\"lazy\" decoding=\"async\" width=\"150\" height=\"150\" src=\"http:\/\/tambourcorps-effeln.de\/wp-content\/uploads\/2020\/11\/1930-150x150.jpg\" class=\"attachment-thumbnail size-thumbnail\" alt=\"\" srcset=\"http:\/\/tambourcorps-effeln.de\/wp-content\/uploads\/2020\/11\/1930-150x150.jpg 150w, http:\/\/tambourcorps-effeln.de\/wp-content\/uploads\/2020\/11\/1930-300x300.jpg 300w, http:\/\/tambourcorps-effeln.de\/wp-content\/uploads\/2020\/11\/1930-75x75.jpg 75w\" sizes=\"(max-width: 150px) 100vw, 150px\" \/><\/a>\n\t\t\t<\/div><\/figure><figure class='gallery-item'>\n\t\t\t<div class='gallery-icon landscape'>\n\t\t\t\t<a data-elementor-open-lightbox=\"yes\" data-elementor-lightbox-slideshow=\"3e1baf9\" data-elementor-lightbox-title=\"1930 Gruppenfoto\" data-e-action-hash=\"#elementor-action%3Aaction%3Dlightbox%26settings%3DeyJpZCI6MTkxLCJ1cmwiOiJodHRwOlwvXC90YW1ib3VyY29ycHMtZWZmZWxuLmRlXC93cC1jb250ZW50XC91cGxvYWRzXC8yMDIwXC8xMVwvMTkzMC1HcnVwcGVuZm90by5qcGciLCJzbGlkZXNob3ciOiIzZTFiYWY5In0%3D\" href='http:\/\/tambourcorps-effeln.de\/wp-content\/uploads\/2020\/11\/1930-Gruppenfoto.jpg'><img loading=\"lazy\" decoding=\"async\" width=\"150\" height=\"150\" src=\"http:\/\/tambourcorps-effeln.de\/wp-content\/uploads\/2020\/11\/1930-Gruppenfoto-150x150.jpg\" class=\"attachment-thumbnail size-thumbnail\" alt=\"\" srcset=\"http:\/\/tambourcorps-effeln.de\/wp-content\/uploads\/2020\/11\/1930-Gruppenfoto-150x150.jpg 150w, http:\/\/tambourcorps-effeln.de\/wp-content\/uploads\/2020\/11\/1930-Gruppenfoto-300x300.jpg 300w, http:\/\/tambourcorps-effeln.de\/wp-content\/uploads\/2020\/11\/1930-Gruppenfoto-75x75.jpg 75w\" sizes=\"(max-width: 150px) 100vw, 150px\" \/><\/a>\n\t\t\t<\/div><\/figure><figure class='gallery-item'>\n\t\t\t<div class='gallery-icon landscape'>\n\t\t\t\t<a data-elementor-open-lightbox=\"yes\" data-elementor-lightbox-slideshow=\"3e1baf9\" data-elementor-lightbox-title=\"1926 ca vor dem Weltkrieg\" data-e-action-hash=\"#elementor-action%3Aaction%3Dlightbox%26settings%3DeyJpZCI6MTkwLCJ1cmwiOiJodHRwOlwvXC90YW1ib3VyY29ycHMtZWZmZWxuLmRlXC93cC1jb250ZW50XC91cGxvYWRzXC8yMDIwXC8xMVwvMTkyNi1jYS12b3ItZGVtLVdlbHRrcmllZy5qcGciLCJzbGlkZXNob3ciOiIzZTFiYWY5In0%3D\" href='http:\/\/tambourcorps-effeln.de\/wp-content\/uploads\/2020\/11\/1926-ca-vor-dem-Weltkrieg.jpg'><img loading=\"lazy\" decoding=\"async\" width=\"150\" height=\"150\" src=\"http:\/\/tambourcorps-effeln.de\/wp-content\/uploads\/2020\/11\/1926-ca-vor-dem-Weltkrieg-150x150.jpg\" class=\"attachment-thumbnail size-thumbnail\" alt=\"\" srcset=\"http:\/\/tambourcorps-effeln.de\/wp-content\/uploads\/2020\/11\/1926-ca-vor-dem-Weltkrieg-150x150.jpg 150w, http:\/\/tambourcorps-effeln.de\/wp-content\/uploads\/2020\/11\/1926-ca-vor-dem-Weltkrieg-300x300.jpg 300w, http:\/\/tambourcorps-effeln.de\/wp-content\/uploads\/2020\/11\/1926-ca-vor-dem-Weltkrieg-75x75.jpg 75w\" sizes=\"(max-width: 150px) 100vw, 150px\" \/><\/a>\n\t\t\t<\/div><\/figure>\n\t\t<\/div>\n\t\t<\/div>\n\t\t\t\t\t\t<\/div>\n\t\t\t\t<\/div>\n\t\t\t\t\t<\/div>\n\t\t<\/div>\n\t\t\t\t\t<\/div>\n\t\t<\/section>\n\t\t\t\t<section class=\"elementor-section elementor-top-section elementor-element elementor-element-072243a elementor-section-boxed elementor-section-height-default elementor-section-height-default\" data-id=\"072243a\" data-element_type=\"section\" data-e-type=\"section\">\n\t\t\t\t\t\t<div class=\"elementor-container elementor-column-gap-default\">\n\t\t\t\t\t<div class=\"elementor-column elementor-col-100 elementor-top-column elementor-element elementor-element-1b7fa6a\" data-id=\"1b7fa6a\" data-element_type=\"column\" data-e-type=\"column\">\n\t\t\t<div class=\"elementor-widget-wrap elementor-element-populated\">\n\t\t\t\t\t\t<div class=\"elementor-element elementor-element-35652c8 elementor-widget elementor-widget-text-editor\" data-id=\"35652c8\" data-element_type=\"widget\" data-e-type=\"widget\" data-widget_type=\"text-editor.default\">\n\t\t\t\t<div class=\"elementor-widget-container\">\n\t\t\t\t\t\t\t\t\t<p>Aus der Gr\u00fcndungszeit<span class=\"Apple-converted-space\">\u00a0<\/span><\/p><p>In den Folgejahren des ersten Weltkriegs bildeten sich in den Orten des Altkreises Lippstadt zahlreiche Musikgruppen, die als Ursprung f\u00fcr die heutigen Spielmannsz\u00fcge und Tambourcorps gelten. Vor allem bei j\u00fcngeren M\u00e4nnern rief die Spielmannsmusik damals viel Freude und Begeisterung hervor. Im Jahr 1920 fanden sich dann auf Initiative von Theodor Breider auch in Effeln einige junge M\u00e4nner zusammen. Unter Pastor Alfons Peters wurde kurzerhand aus dem ehemaligen J\u00fcnglingsverein heraus eine Kn\u00fcppelmusik gegr\u00fcndet. Es war die Geburtsstunde des Tambourcorps Effeln. Neben Theodor Breider, der dann der erste Tambourmajor wurde, z\u00e4hlten zu den Gr\u00fcndungsmitgliedern Franz Buschk\u00fchl, Josef G\u00f6ckede, Robert Edelmann, Edmund Sch\u00e4fer, Gerhard Westhoff, Josef Grobe, Heinrich Dauk, Anton Grobe, Alex Strugholtz, Josef Breider, Hans Breider, Theodor Strugholtz und Wilhelm Grobe.<\/p><p>F\u00fcr die Anschaffung von Instrumenten war in den damals schweren wirtschaftlichen Zeiten weder bei beh\u00f6rdlichen, kommunalen noch bei kirchlichen Stellen Geld vorhanden. \u201eWann dei Jungens ne Kn\u00fcppelmusik hewwen wellt, mot se sick eune keopen\u201c, war die Meinung der \u00c4lteren. So entstand der Plan, das Gras an den Wegrainen zu m\u00e4hen und liegengebliebene \u00c4hren auf den abgeernteten Weizenfeldern zu sammeln. Der Transport des Heus zur\u00fcck ins Dorf war eine anstrengende Angelegenheit. Nur selten konnte man heimlich auf die Hilfe der Pferde von B\u00fckers (Gerhard Westhoff) oder Bierbrots Bauer (Heinrich Dauck) zur\u00fcckgreifen. Die wochenlange Arbeit musste somit meist aus eigenen Kr\u00e4ften gemeistert werden. Von dem verdienten Geld aus dem Dreschen und Heuen kaufte man dann die ersten Instrumente. Zur damaligen Zeit spielte man noch auf Holzfl\u00f6ten, die heute l\u00e4ngst durch Metallfl\u00f6ten ersetzt wurden.<span class=\"Apple-converted-space\">\u00a0<\/span><\/p><p><b><i>\u201eDie ersten Instrumente des Tambourcorps Effeln waren: Acht Querfl\u00f6ten, vier Trommeln, eine Pauke und ein Tambourstab. Sie wurden beim Versandhaus Meinel &amp; Herold in Th\u00fcringen gekauft.\u201c<span class=\"Apple-converted-space\">\u00a0<\/span><\/i><\/b><\/p><p>Die jungen Effelner konnten nun endlich mit dem \u00dcben der ersten M\u00e4rsche beginnen. Die paramilit\u00e4rische Ausbildung stand unter der Leitung von Maurermeister Franz Dauck, der im ersten Weltkrieg Milit\u00e4rmusiker gewesen war. \u201eDer alte Dauck hat uns eingetrimmt, auf Oberschmiers Wiese hinter der Sch\u00fctzenhalle. Auf der Chaussee von Effeln nach Menzel wurde ge\u00fcbt und wenn wir den ersten Marsch fehlerfrei konnten, marschierten wir sogar nach Menzel hinein. Dort gab es dann ein Glas Bier. Auch die Menzeler bekamen dann Spa\u00df an einem eigenen Corps\u201c, berichtet Hans Breider 1980 in einem Brief zum 60-j\u00e4hrigen Jubil\u00e4um. Abgesehen vom Sch\u00fctzenfest in Effeln geh\u00f6rten die Diakonats-Veranstaltungen der J\u00fcnglingsvereine in Erwitte und M\u00fclheim an der M\u00f6hne zu den ersten gro\u00dfen Auftritten. Die nachtr\u00e4glichen Berichte an Pastor Peters, dass seine schneidige Kn\u00fcppelmusik von allen den besten Eindruck hinterlassen habe, st\u00e4rkte das junge R\u00fcckgrat der Effelner Musiker. Schlie\u00dflich wagte man sogar den Schritt zum Tambourwettstreit in Allagen. Das Tambourcorps Effeln war mit nur etwa f\u00fcnf Mann die kleinste Abordnung. Die anderen Vereine waren viel st\u00e4rker vertreten und es war sogar ein Milit\u00e4rcorps unter den Konkurrenten. Der Wettstreit ist immer in guter Erinnerung geblieben.<span class=\"Apple-converted-space\">\u00a0<\/span><\/p><p>Nach Theo Breider \u00fcbernahm Bernhard Sch\u00e4fer das Amt des Tambourmajors. Ihm folgte Alex Strugholtz, der das Tambourcorps bis zum Beginn des zweiten Weltkriegs f\u00fchrte. Obwohl Alex Strugholtz in den Kriegsjahren nach Langenberg zog, pflegten die Effelner Spielleute sp\u00e4ter noch den Kontakt zu ihrem ehemaligen Tambourmajor mit gegenseitigen Einladungen zu Jubil\u00e4en oder Sch\u00fctzenfesten. Berichten zufolge soll das Tambourcorps Effeln nach dem Krieg sogar einige Uniformen, die beim Spielmannszug Langenberg ausgemustert wurden, bekommen haben.<span class=\"Apple-converted-space\">\u00a0<\/span><\/p><p>Nach dem Krieg: Wiederbeginn<\/p><p>Kurz nach dem verheerenden zweiten Weltkrieg wollte man in Effeln zur Normalit\u00e4t zur\u00fcck und man begann, ab dem Jahr 1947 wieder Sch\u00fctzenfeste zu feiern. Da einige Spielleute leider nicht mehr lebend aus dem Krieg zur\u00fcckkehrten, konnte kurzfristig kein spielf\u00e4higes Tambourcorps aufgestellt werden. Es mussten also wieder neue Spielleute gewonnen werden.<span class=\"Apple-converted-space\">\u00a0<\/span><\/p><p>Die Kriegsversehrten Theo Reine, Josef Schulte, Anton Grobe und Willi M\u00fcller geh\u00f6rten schon dem damaligen Tambourcorps vor dem Krieg an. Sie versuchten nun, f\u00fcr eine Neuaufstellung einige Mitstreiter im Ort zu finden. Im gleichen Jahr fand auf dem Sportplatz, der damals noch am Menzeler Weg auf Redders Wiese war, ein Fu\u00dfballpokalfest statt. Zu dieser Veranstaltung marschierten die vier M\u00e4nner vor der Dorfbev\u00f6lkerung musikalisch aus dem Dorf heraus zum Sportplatz. Im Anschluss machten sie Werbung in eigener Sache und sprachen die anwesenden M\u00e4nner an, sich ihnen anzuschlie\u00dfen. Damit hatten sie Erfolg.<\/p><p>Bis die ersten Vorbereitungen in die Wege geleitet wurden, dauerte es allerdings bis zum Karnevalssonntag im darauffolgenden Jahr. Bei der Generalversammlung des Sch\u00fctzenvereins beschlossen die Mitglieder, dass beim n\u00e4chsten Sch\u00fctzenfest im Sommer wieder eine eigene Musik aufspielen sollte. Es war das erhoffte und erwartete Signal an die Spielleute des Tambourcorps.<\/p><p>Schon am Aschermittwoch 1948 fand daraufhin das erste Treffen bei Familie Reine auf der Deele statt. Dann wurde eingeteilt. Hubert Siedhoff \u00fcbernahm das Amt des Tambourmajors. Reinhold Siedhoff, Josef R\u00f6bbecke, Alfons Siedhoff und Josef Hartmann spielten die vier noch vorhandenen Trommeln.<\/p><p>Die Fl\u00f6ten f\u00fcr Theodor Siedhoff, Wilhelm Wulf, Josef Wulf, Johannes R\u00f6bbecke, G\u00fcnter Hoffmann, Walter F\u00f6rster, Wilhelm F\u00f6rster und Karl Josef Gerken jedoch mussten erst noch besorgt werden. Nachdem diese H\u00fcrde genommen war, konnte es endlich losgehen.<span class=\"Apple-converted-space\">\u00a0<\/span><\/p><p>Die Fl\u00f6ter trafen sich fortan bei Schulten zum \u00dcben und die Trommler gingen zu Reines. In den Wintermonaten \u00fcbte man in den St\u00e4llen, da es dort w\u00e4rmer war als in den Deelen. F\u00fcr die ersten Auftritte ben\u00f6tigte man auch Uniformen. Jeder musste sich eine dunkle Jacke und Schwalbennester besorgen, welche selbst angebracht wurden. Dazu trug man eine wei\u00dfe Hose. Auch die M\u00fctzen mussten selbst besorgt werden. Sie hatten die Form einer Schifferm\u00fctze. Zu jedem Auftritt, seien es Freundschaftstreffen oder Sch\u00fctzenfeste, trug man eine wei\u00dfe Hose. Die einzige Ausnahme war der \u201eSchnapszug\u201c am Sch\u00fctzenfestsamstag in Effeln. Da trug man zivile, dunkle Hosen.<\/p><p>Bis zum Sch\u00fctzenfest wurde dann drei Mal w\u00f6chentlich in den einzelnen Stimmen geprobt. Sonntags nach dem Hochamt stand dann die Gemeinschaftsprobe an. Wer nicht bei den Proben erschien, musste 1 DM Strafgeld zahlen, wobei der Betrag schnell wieder auf 0,50 DM herabgesetzt wurde. Heute gibt es schon lange kein Strafgeld mehr.<\/p><p>Durch die vielen \u00dcbungsabende schaffte man es, dass bis zum Sch\u00fctzenfest drei M\u00e4rsche gespielt werden konnten: Preu\u00dfensgloria, J\u00e4germarsch und der Liebenmarsch. Au\u00dferdem beherrschte man schon das Anlocken. Nach dem ersten Sch\u00fctzenfest 1948 ging es dann mit den Proben weiter und dank einiger Musiker vom Niederbergheimer Corps konnten weitere M\u00e4rsche einge\u00fcbt werden.<\/p><p>Die Ausbildung des Tambourmajors \u00fcbernahm Werner Borgschulte aus Anr\u00f6chte, der zu Kriegszeiten als Tambourmajor in einem Milit\u00e4rcorps aktiv war und als einer der f\u00e4higsten Stabf\u00fchrer im Umkreis galt.<\/p><p>Kurze Zeit sp\u00e4ter folgten die ersten ausw\u00e4rtigen Auftritte. So spielte man bei den Sch\u00fctzenfesten in Menzel und Uelde. In Menzel trat man allerdings nur zwei Jahre auf, da sich im Nachbardorf ein eigenes Corps formierte. Auch in Uelde wurde man schnell vom Spielmannszug aus Belecke abgel\u00f6st, weil diese auf dem Sch\u00fctzenfest kostenlos spielten.<\/p><p>Dem Tambourcorps schlossen sich im Jahr 1952 weitere Spielleute an. Antonius Hartmann und Winfried Strugholz kamen als Fl\u00f6tisten und Alfons Linhoff als Trommler dazu. Im Jahr 1954 stand dann ein Tambourmajor-Wechsel an. Hubert Siedhoff gab den Stab an Siegfried Wiese weiter. Ein Jahr sp\u00e4ter ernannten die Spielleute mit Alfons Linhoff erstmals einen Kassierer.<span class=\"Apple-converted-space\">\u00a0<\/span><\/p><p>Hier soll das Gruppenfoto von 1958 eingef\u00fcgt werden.<\/p><p>Um den Verein besser f\u00fchren und nach Au\u00dfen pr\u00e4sentieren zu k\u00f6nnen, entschloss man sich im Jahr 1967 dazu, j\u00e4hrlich eine Generalversammlung abzuhalten und einen Vorstand zu w\u00e4hlen. Zum ersten Vorsitzenden wurde Theo Siedhoff gew\u00e4hlt, der aber bereits seit 1962 Vorstandsaufgaben \u00fcbernahm. Dem Vorstand geh\u00f6rten weiterhin der zweite Vorsitzende Willi F\u00f6rster, der Schriftf\u00fchrer Winfried Strugholz, der Tambourmajor Siegfried Wiese und der Kassierer Alfons Linhoff an.<\/p><p>Bis zum Jahr 1966 geh\u00f6rten zur Uniform noch schwarze Jacken mit Kordeln sowie schwarze Krawatten. Bei den Festumz\u00fcgen wurden eine wei\u00dfe Hose, eine Fliege und ein wei\u00dfer \u00dcberzug \u00fcber die M\u00fctze getragen. 1967 wurde die Montur dann ver\u00e4ndert und gegen eine neue Uniform, wie wir sie heute tragen, ersetzt. Dazu ben\u00f6tigte man einiges an Geld. Das Tambourcorps veranstaltete zur Aufbesserung der Vereinskasse ein Preisschie\u00dfen beim Gasthof Grofe. Jeder musste Geld einzahlen. Die Gewinne wurden an die Teilnehmer mit den h\u00f6chst<span class=\"Apple-converted-space\">\u00a0 <\/span>erzielten Nummern ausgesch\u00fcttet. Auch ein Preisknobeln nach \u00e4hnlichem Prinzip fand mehrmals statt, um die Vereinskasse aufzubessern. Das Geld wurde nicht nur in neue Uniformen investiert. 1970 schaffte das Tambourcorps Effeln die erste Lyra des Vereins an. Durch dieses Instrument konnte der Klang des Tambourcorps deutlich verbessert werden. Als ersten Lyraspieler erkor man Heinrich G\u00f6ckede. Au\u00dferdem wurden die Schlagfelle der Trommeln erneuert. Bis zum Jahr 1970 bestanden diese n\u00e4mlich noch aus Ziegenfell. Wenn es bei Auftritten an Sch\u00fctzenfesten regnete, mussten damals Plastikt\u00fcten \u00fcber die Trommeln gezogen werden, um sie vor Schaden zu sch\u00fctzen. Durch die Anschaffung von Schlagfellen aus Kunststoff waren diese Instrumente weniger witterungsanf\u00e4llig.<\/p><p>Im September 1970 wurde dann mit dem 50-j\u00e4hrigen Bestehen das erste Mal in der Vereinsgeschichte ein Jubil\u00e4um gefeiert. Das Jubil\u00e4umswochenende begann samstags in der Sch\u00fctzenhalle mit einer Festversammlung, bei der zahlreiche Jubilare geehrt wurden. Anschlie\u00dfend verbrachte man zu den Kl\u00e4ngen der Hirschberger Stadtkapelle einige sch\u00f6ne Stunden. Am Sonntag fanden morgens ein Festhochamt und nachmittags ein gro\u00dfer Umzug mit 15 Spielmannsz\u00fcgen und Musikkapellen statt. Der Gr\u00fcndungstambourmajor Theo Breider hielt auf dem Marktplatz eine Festrede und erinnerte dabei, teils noch auf Plattdeutsch, an die Gr\u00fcnderjahre der Kn\u00fcppelmusik. Im weiteren Verlauf wurde Alex Strugholtz<span class=\"Apple-converted-space\">\u00a0 <\/span>zum Ehrentambourmajor ernannt. Dem Festakt auf dem Marktplatz schlossen sich die B\u00fchnenspiele in der Sch\u00fctzenhalle an.<\/p><p>Ein Jahr sp\u00e4ter, 1971, besuchten die Spielleute den Gr\u00fcndungstambourmajor Theo Breider am M\u00fchlenhof-Museum in M\u00fcnster, die schon viele Jahre zuvor zu seiner neuen Heimatstadt wurde. Sie bedankten sich bei ihm f\u00fcr die vorgetragene Festansprache beim 50-j\u00e4hrigen Jubil\u00e4um mit einem St\u00e4ndchen und \u00fcberbrachten zwei Geschenke f\u00fcr sein M\u00fchlenhof-Museum: Eine h\u00f6lzerne Trille (Aufzug) und einen Dreschflegel. \u201eDie G\u00e4ste wurden mit dr\u00fcgen Endkes aus dem Wiem, mit Korn und Bier herzlich bewirtet\u201c, schrieb sp\u00e4ter, die schon viele Jahre zuvor zu seiner neuen Heimatstadt wurde.<span class=\"Apple-converted-space\">\u00a0<\/span><\/p><p>Die Jahre 1974 bis 1999<\/p><p><span class=\"Apple-converted-space\">\u00a0 \u00a0 \u00a0<\/span><\/p><p>1974 fand dann ein Wechsel an der Vereinsspitze des Tambourcorps Effeln statt. Reinhard Strugholtz wurde bei der Generalversammlung von den Spielleuten zum neuen Tambourmajor gew\u00e4hlt. Er intensivierte in den Folgejahren die Ausbildung neuer Musiker.<span class=\"Apple-converted-space\">\u00a0<\/span><\/p><p>Da die \u00dcbungsbeteiligung zwei Jahre sp\u00e4ter aus Sicht des Vorstands nicht mehr optimal war, wurde eine neue Regel eingef\u00fchrt. Wer sich nicht an mindestens 50% der \u00dcbungsabende beteiligte, durfte beim Sch\u00fctzenfest nicht mitmarschieren. Diese Regel zeigte offenbar Wirkung, denn dadurch stieg die \u00dcbungsbeteiligung sp\u00fcrbar an.<\/p><p>Als sich 1975 der Kreisverband Soest des Volksmusikerbundes NRW gr\u00fcndete, schlossen sich dieser Dachorganisation in den Folgejahren immer mehr Vereine aus der Umgebung an. 1980 entschied sich auch das Tambourcorps Effeln f\u00fcr einen Beitritt. Die Vorteile lagen auf der Hand: Durch die M\u00f6glichkeit der Teilnahme an Notenlehrg\u00e4ngen, sah man die Chance, die Ausbildung neuer Spielleute professioneller zu gestalten und somit die Qualit\u00e4t zu erh\u00f6hen.<\/p><p><b><i>\u201eDer Volksmusikerbund NRW ist der Landesmusikverband f\u00fcr Blasorchester, Spielmannsz\u00fcge und Fanfarenz\u00fcge in Nordrhein-Westfalen. Eines der wichtigsten Ziele ist es, die Tradition, Gegenwart und Zukunft des aktiven Musiklebens zu pflegen, zu f\u00f6rdern und weiterzuf\u00fchren. Dazu werden staatlich anerkannte Musiklehrg\u00e4nge sowie Ausbildungs-Workshops und Seminare unterschiedlichster Art angeboten. Sie bilden die Grundlage daf\u00fcr, dass die Kreisverb\u00e4nde nah und gut mit ihren Mitgliedern zusammenarbeiten und sie unterst\u00fctzen k\u00f6nnen.\u201c<\/i><\/b><span class=\"Apple-converted-space\">\u00a0<\/span><\/p><p>Im Jahr 1982 spielte der Verein erstmals beim M\u00e4nnersch\u00fctzenfest in Anr\u00f6chte. Dort war das Tambourcorps alle drei Festtage aktiv dabei. Zu diesem Zeitpunkt z\u00e4hlte das Tambourcorps 31 aktive Mitglieder.<span class=\"Apple-converted-space\">\u00a0<\/span><\/p><p>In diesem Jahr besuchten die j\u00fcngeren Fl\u00f6tisten erstmals einen Notenlehrgang in V\u00f6llinghausen, was durch den Beitritt in den Volksmusikerbund NRW erm\u00f6glicht wurde.<span class=\"Apple-converted-space\">\u00a0<\/span><\/p><p>Auch im Jahr darauf, 1983, trieb man das Spielen nach Noten weiter voran. Dazu holte man sich fachliche Hilfe von Robert B\u00f6melburg, der seinerzeit stellvertretender Fachleiter f\u00fcr Spielmannmusik im Kreisverband Soest war. Er brachte den Spielleuten an insgesamt sieben \u00dcbungsabenden die Grundkenntnisse der Notenlehre bei, sodass am Ende des Lehrgangs sogar die ersten zwei M\u00e4rsche nach Noten gespielt werden konnten.<span class=\"Apple-converted-space\">\u00a0<\/span><\/p><p>Nachdem das Tambourcorps bereits im Jahr 1971 der Einladung von Theo Breider zur Bockwindm\u00fchle nach M\u00fcnster folgte, besuchte man ihn im Jahr 1983 an gleicher Stelle erneut. Der Anlass war dieses Mal der 80. Geburtstag des einstigen Tambourmajors. Als Geschenk brachten die Spielleute ihm die Effelner Feuerwehrspritze f\u00fcr sein M\u00fchlenhofmuseum mit. Die Geburtstagsfeier wurde sogar im Westdeutschen Rundfunk \u00fcbertragen.<span class=\"Apple-converted-space\">\u00a0<\/span><\/p><p>In den 1980er-Jahren nahm das Tambourcorps Effeln j\u00e4hrlich am Rosenmontagszug in R\u00fcthen teil. Dort marschierte man in einheitlicher Verkleidung mit und sorgte f\u00fcr musikalische Untermalung.<span class=\"Apple-converted-space\">\u00a0<\/span><\/p><p>Auch das Pfarrfest beziehungsweise Erntedankfest, an dem das Tambourcorps beteiligt war, fand zu dieser Zeit mehrere Jahre statt.<span class=\"Apple-converted-space\">\u00a0<\/span><\/p><p>Mitte der 80er Jahren nahmen au\u00dferdem immer mehr neue Spielleute an den D1- und D2-Lehrg\u00e4ngen des Volksmusikerbundes teil, wodurch sich das Spiel immer mehr verbesserte. Neue Musiker k\u00f6nnen seit dieser Zeit ab dem zehnten Lebensjahr dem Tambourcorps beitreten und ausgebildet werden. Vorher musste man beim Eintritt in den Verein mindestens 16 Jahre alt sein.<span class=\"Apple-converted-space\">\u00a0<\/span><\/p><p>Unter Federf\u00fchrung des Heimatvereins Anr\u00f6chte wurde im Jahr 1986 eine Schallplatte mit den heimischen Gesangs- und Musikgruppen der Gro\u00dfgemeinde Anr\u00f6chte produziert. Mit dem Lied \u201eAmboss-Polka\u201c beteiligte sich das Effelner Tambourcorps ebenfalls an der Schallplatte, die sp\u00e4ter f\u00fcr einen Preis von 20 Mark verkauft wurde. Die Tonaufnahmen dazu fanden im Atrium der Realschule Anr\u00f6chte statt. Das schwarze Vinyl trug den Titel \u201eMusik aus Anr\u00f6chte\u201c und sollte laut den Initiatoren die Liebe zur Heimat festigen, neue Freundschaften stiften und das Gef\u00fchl der Zusammengeh\u00f6rigkeit st\u00e4rken.<span class=\"Apple-converted-space\">\u00a0<\/span><\/p><p>1987 nahm das Tambourcorps am Europasch\u00fctzenfest in Lippstadt teil. Zu dieser Zeit z\u00e4hlte der Verein 40 aktive Mitglieder. Bei der Generalversammlung wurde Heinz Besse zum neuen 1. Vorsitzenden gew\u00e4hlt. Er l\u00f6ste Theo Siedhoff ab, der dieses Amt zuvor insgesamt 25 Jahre lang mit gro\u00dfem Einsatz und Engagement ausf\u00fcllte. Die Mitglieder ernannten ihn w\u00e4hrend der Versammlung zum Ehrenvorsitzenden. Ebenfalls wurde bei der Versammlung eine neue Satzung beschlossen. Dies war n\u00f6tig, damit das Tambourcorps weiterhin als gemeinn\u00fctziger Verein anerkannt werden konnte. Im folgenden Jahr, 1988, war das Tambourcorps dann ein eingetragener Verein.<span class=\"Apple-converted-space\">\u00a0<\/span><\/p><p>Am 1. Mai 1989 veranstaltete das Tambourcorps zum ersten Mal einen musikalischen Fr\u00fchschoppen auf dem Marktplatz. Daf\u00fcr buchte der Verein die Musikkappelle aus Willingen. Den Erl\u00f6s dieser Veranstaltung nutzte man f\u00fcr neue Instrumente und Uniformen. Dadurch konnten beispielsweise neue Trommeln angeschafft werden.<span class=\"Apple-converted-space\">\u00a0<\/span><\/p><p>Anfang September des gleichen Jahres gab es dann einen Gegenbesuch bei einem Platzkonzert der Musikkapelle Willingen. Da die Effelner mit 90 Personen anreisten, trugen sie erheblich zum Gelingen dieser Veranstaltung bei. Von der Fahrt ins Sauerland ist besonders der Besuch der kleinen Brauerei in guter Erinnerung geblieben.<\/p><p>Am \u201eTag der Arbeit\u201c veranstaltete der Verein in den Folgejahren weitere Fr\u00fchshoppen, bei denen die Musikvereine aus Anr\u00f6chte, R\u00fcthen, Hirschberg oder der Fanfarenzug Dringenberg auftraten.<span class=\"Apple-converted-space\">\u00a0<\/span><\/p><p>Besonders erw\u00e4hnenswerte Auftritte im Jahr 1989 waren zwei Wahlveranstaltungen und der Vorstandsball der Sch\u00fctzenvereine der Gro\u00dfgemeinde R\u00fcthen, der in Drewer stattfand. Offenbar hinterlie\u00df das Tambourcorps Effeln dort einen guten Eindruck, denn ab diesem Zeitpunkt gestaltete man j\u00e4hrlich den Festumzug beim Dreweraner Sch\u00fctzenfest mit. Dieser Auftritt z\u00e4hlt auch bis heute zu den festen Terminen des Vereins. <span class=\"Apple-converted-space\">\u00a0<\/span><\/p><p>Da bisher haupts\u00e4chlich die j\u00fcngeren Vereinsmitglieder die D1-Lehrg\u00e4nge des Volksmusikerbundes NRW besucht hatten, wollte man nun auch den \u00e4lteren Spielleuten diese M\u00f6glichkeit bieten. Dazu wurde ein vereinsinterner Lehrgang in Effeln durchgef\u00fchrt. Die Leitung \u00fcbernahmen Brunhilde Koritkowski und Meinolf Linhoff. Fast alle \u00e4lteren Vereinsmitglieder nahmen an dem Angebot teil und bestanden die Pr\u00fcfung.<span class=\"Apple-converted-space\">\u00a0<\/span><\/p><p>Au\u00dferdem f\u00fchrte das Tambourcorps 1989 erstmalig den Zapfenstreich beim Effelner Sch\u00fctzenfest vor, der zur damaligen Zeit noch sonntagabends an der Sch\u00fctzenhalle stattfand. Damit die erste Auff\u00fchrung auch m\u00f6glichst professionell ablief, besuchten Reinhard Strugholtz und Thomas Hartmann zuvor einen Stabf\u00fchrerlehrgang f\u00fcr den Zapfenstreich. Der Lehrgang, wie auch die vielen neu erworbenen D1-Abzeichen der einzelnen Vereinsmitglieder, trugen zu einer gelungenen Premiere bei. Letztmalig nahm das Tambourcorps in diesem Jahr auch am Rosenmontagsumzug in R\u00fcthen teil, den man seit 1983 begleitete. Stattdessen beteiligte man sich nun am Umzug des Belecker Karnevals.<span class=\"Apple-converted-space\">\u00a0<\/span><\/p><p><b><i>\u201e1989 gab das Tambourcorps ein Handgeld von 20 Mark beim Junggesellensch\u00fctzenfest in Anr\u00f6chte aus. F\u00fcr jeden Tag, an dem der Spielmann nicht teilnahm, musste er einen Beitrag von sechs Mark wieder zur\u00fcckbezahlen.\u201c<span class=\"Apple-converted-space\">\u00a0<\/span><\/i><\/b><\/p><p>Im Jahr 1990 folgte das Tambourcorps einer Einladung der Sparkasse Erwitte-Anr\u00f6chte zum Jubil\u00e4umsfr\u00fchschoppen, das anl\u00e4sslich des 125-j\u00e4hrigen Bestehens stattfand. Dort spielte man gemeinsam mit dem Anr\u00f6chter Musikverein und erhielt sp\u00e4ter eine gro\u00dfz\u00fcgige Spende.<span class=\"Apple-converted-space\">\u00a0<\/span><\/p><p>Das Highlight des Jahres stellte jedoch sicherlich das 70-j\u00e4hrige Jubil\u00e4um des Tambourcorps Effeln dar. Dieses wurde zwei Tage lang gefeiert. Samstags nahm man Gratulationen von befreundeten Vereinen entgegen und es gab einige Ehrungen. Sonntags morgens fand eine Messe mit anschlie\u00dfender Kranzniederlegung statt. Danach veranstaltete man ein Fr\u00fchschoppen beim Gasthof Grofe und nachmittags fand ein Freundschaftstreffen mit elf Vereinen statt. Das Tambourcorps konnte sich bei dem Jubil\u00e4um mit 22 neu ausgebildeten Musikern pr\u00e4sentieren und schlie\u00dflich auf ein gelungenes Fest zur\u00fcckblicken.<span class=\"Apple-converted-space\">\u00a0<\/span><\/p><p>Zum ersten Mal in der Geschichte des Volksmusikerbunds NRW wurde 1991 in Geseke ein Landesmusikfest ausgerichtet. Bei dem Fest fanden neben dem Umzug durch die Stadt auch verschiedene Bewertungsspiele statt. An dieser Gro\u00dfveranstaltung nahm auch das Tambourcorps Effeln teil.<span class=\"Apple-converted-space\">\u00a0<\/span><\/p><p>Anfang 1992 fand ein Jubil\u00e4umssch\u00fctzenfest in Brilon statt. Scheinbar hinterlie\u00df der Verein bei dem Sch\u00fctzenk\u00f6nig aus Esshoff einen bleibenden Eindruck, denn dieser lud das Tambourcorps kurzerhand zum Esshoffer Sch\u00fctzenfest ein. Als man dort dann tats\u00e4chlich den Festumzug begleitete, spendierte der Sch\u00fctzenk\u00f6nig sogar den ganzen Tag lang die Getr\u00e4nke. Letztmalig gestalteten die Effelner Spielleute in diesem Jahr das M\u00e4nnersch\u00fctzenfest in Anr\u00f6chte mit. Aufgrund der vielen neu dazugekommenen Mitglieder konnte das Tambourcorps Effeln mittlerweile eine stolze Zahl von \u00fcber 50 aktiven Spielleuten verzeichnen.<\/p><p>Vier dieser Spielleute absolvierten im folgenden Jahr, 1993, erfolgreich einen D3-Lehrgang. Meinolf Mast, Fabian Buschk\u00fchl, Dominik Busch und Karsten Strugholtz erreichten so erstmals in der Vereinsgeschichte diese Auszeichnung. Sie sind auch bis heute die einzigen Mitglieder, die eine D3-Pr\u00fcfung ablegten. <span class=\"Apple-converted-space\">\u00a0<\/span><\/p><p>Das Jahr 1993 startete f\u00fcr die Spielleute des Tambourcorps mit einem \u00e4u\u00dferst kalten Rosenmontag, an dem der Umzug trotz Temperaturen von -8\u00b0C stattfand. Weiterhin erklangen die T\u00f6ne des Vereins zum ersten Mal auf den Stra\u00dfen Nettelst\u00e4dts beim Buschaufsetzen und Sch\u00fctzenfest. Aufgrund des immer gr\u00f6\u00dfer werdenden Repertoires an M\u00e4rschen, die das Tambourcorps Effeln spielte, entschloss man sich zur Anschaffung von Armhaltern. Diese Investition half besonders den j\u00fcngeren Mitgliedern. Die Musikst\u00fccke mussten somit nicht mehr auswendig gelernt werden, sondern man konnte w\u00e4hrend des Marschierens nach Noten spielen. Dadurch verbesserte sich nochmals die Spielqualit\u00e4t.<\/p><p><b><i>\u201eIm Jahr 1993 wurde der Gr\u00fcndungstambourmajor Theodor Breider 90 Jahre alt. Er verstarb leider noch im selben Jahr.\u201c<\/i><\/b><\/p><p>1994 wurde das Tambourcorps Effeln kurzfristig verpflichtet, das Sch\u00fctzenfest in Drewer in diesem Jahr nicht nur sonntags, sondern auch samstags zu begleiten. Da dieser Termin und das Sch\u00fctzenfest des JSV Anr\u00f6chte auf das gleiche Wochenende fielen, teilte sich das Tambourcorps zum ersten Mal in der Vereinsgeschichte auf. Samstag spielten etwa 20 Mann in Drewer und 35 Musiker in Anr\u00f6chte. Der Sonntag stellte f\u00fcr die Mitglieder des Tambourcorps einen stressigen Tag dar. Mittags fuhren sie mit dem Bus zum B\u00fcrgerhaus Anr\u00f6chte. Von dort aus marschierte sie mit den Anr\u00f6chter Junggesellen zur Vogelstange. Im Anschluss brachte der Bus die Spielleute direkt nach Drewer. Sie begleiteten dort den Festzug am fr\u00fchen Nachmittag und verzehrten noch ein paar k\u00fchle Getr\u00e4nke, bevor der Bus sie wieder zur\u00fcck nach Anr\u00f6chte fuhr. Dort bejubelten die Junggesellen gerade ihren neuen K\u00f6nig an der Vogelstange. Von da aus startete dann der Festzug durch die Ortschaft. Die Mitglieder des Tambourcorps waren froh, als dieser stressige Tag vorbei war. Sie beschlossen, nie wieder zwei Sch\u00fctzenfeste an einem Tag zu begleiten.<\/p><p>Im Jahr 1995 stand das 75. Jubil\u00e4um des Tambourcorps Effeln an. Zu dem Fest in der Sch\u00fctzenhalle wurden auch die noch lebenden Gr\u00fcndungsmitglieder des Vereins eingeladen. Darunter war anderem Ehrenmitglied Alex Strugholtz. Er verstarb leider wenige Wochen nach der Jubil\u00e4umsfeier. Au\u00dferdem spielte man das erste Mal beim Sch\u00fctzenfest in G\u00fcnne. Ab diesem Zeitpunkt begleitete das Tambourcorps j\u00e4hrlich den Festzug in dem kleinen Ort am Fu\u00dfe der M\u00f6hnetalsperre. Au\u00dferdem begleitete man in Anr\u00f6chte einmalig das Kindersch\u00fctzenfest, da die Anr\u00f6chter Musikvereine bereits andere Verpflichtungen hatten. Aufgrund der Termin\u00fcberschneidungen mit dem Anr\u00f6chter Junggesellensch\u00fctzenfest, konnte das Sch\u00fctzenfest in Drewer ein paar Jahre lang nicht mehr gespielt werden. Dort nahm das Tambourcorps Effeln erst Ende der 1990er Jahre wieder teil. Zudem war das Tambourcorps 1995 erstmals an der Reihe, am Karnevalsdienstag das traditionelle W\u00fcrstesammeln durchzuf\u00fchren.<span class=\"Apple-converted-space\">\u00a0<\/span><\/p><p>Im Jahr 1996 begleitete das Tambourcorps Effeln zum zehnten Mal das Sch\u00fctzenfest der Junggesellen aus Anr\u00f6chte. Als Dank bekam der Verein von dem Junggesellensch\u00fctzenverein eine neue Pauke geschenkt. Das neue Instrument wurde feierlich unter der Vogelstange \u00fcberreicht.<span class=\"Apple-converted-space\">\u00a0<\/span><\/p><p>Bei der Generalversammlung 1997 wurde Alfons Linhoff aufgrund seiner langj\u00e4hrigen Mitgliedschaft und engagierten Vorstandsarbeit zum Ehrenmitglied ernannt. Durch die Aufnahme von 16 neuen Musikern erreichte das Tambourcorps in diesem Jahr eine neue Rekordbeteiligung von 62 Spielleuten. Des Weiteren nahm das Tambourcorps 1997 am Jubil\u00e4um des Effelner Sportvereins teil. Dort spielte man ein Platzkonzert auf dem Sportplatz und erreichte bei dem ausgerichteten Fu\u00dfball-Jux-Turnier den zweiten Platz. Auch einer spontanen Einladung zum Sch\u00fctzenfest in F\u00f6ckinghausen kam man nach. Der Anlass f\u00fcr die Verpflichtung war das Spielen des Zapfenstreichs, da beim Sch\u00fctzenfest in dem kleinen sauerl\u00e4ndischen Dorf nur ein Musikverein spielte und ein Spielmannszug zur Auff\u00fchrung des Zapfenstreichs fehlte. Die Darbietung fand bei n\u00e4chtlicher Dunkelheit und Fackellicht der Zapfenstreich statt, wodurch eine besondere Atmosph\u00e4re erzeugt wurde. Beim anschlie\u00dfenden Musizieren im Festzelt wusste man die Sch\u00fctzengemeinde ebenfalls zu begeistern. Die Einladung zum Spielen des Zapfenstreichs nahmen die Effelner Spielleute auch in den folgenden Jahren gerne an.<span class=\"Apple-converted-space\">\u00a0<\/span><\/p><p>Im Jahr 1999 fand erstmals eine Gedenkfeier mit Kranzniederlegung vor dem neuen Mahnmal an der Kirche statt, bei der das Tambourcorps aufspielte. Au\u00dferdem gab Reinhard Strugholtz in diesem Jahr das Amt des Tambourmajors nach 25 Jahren an Markus Strugholz weiter. Bei der Generalversammlung wurde Reinhard Strugholtz f\u00fcr seine langj\u00e4hrige Zeit als Stabf\u00fchrer und sein gro\u00dfes Engagement um das Tambourcorps zum Ehrentambourmajor ernannt.<span class=\"Apple-converted-space\">\u00a0<\/span><\/p><p>2000 bis heute: Das neue Jahrtausend<\/p><p>Das 80-j\u00e4hrige Jubil\u00e4um des Tambourcorps Effeln wurde im April 2000 gefeiert. Die 54 aktiven Musiker des Vereins begr\u00fc\u00dften samstags 13 Gastvereine. Die Gratulanten hoben in ihren Reden besonders die seit Jahren vorbildliche Jugendarbeit des Tambourcorps hervor. Nach den B\u00fchnenspielen der Gastvereine sorgte die Band \u201eFive Live\u201c aus Geseke f\u00fcr ausgelassene Tanz- und Partystimmung. Bei dem Jubil\u00e4um wurden au\u00dferdem erstmals die neu angeschafften roten Westen getragen.<span class=\"Apple-converted-space\">\u00a0<\/span><\/p><p>2001 spielte das Tambourcorps spontan zum Gel\u00f6bnis der Bundeswehrrekruten in Anr\u00f6chte.<span class=\"Apple-converted-space\">\u00a0<\/span><\/p><p>Im folgenden Jahr, 2002, pr\u00e4sentierte der Verein seine erste eigene Homepage, die von Sebastian Grofe erstellt wurde. Au\u00dferdem fand in diesem Jahr eine Mehrtagestour nach Neustadt an der Weinstra\u00dfe statt, die allen Beteiligten gut gefiel. Letztmalig nahm das Effelner Corps in diesem Jahr auch am Sch\u00fctzenfest in Nettelst\u00e4dt teil. Leider konnte man dieses Fest nicht mehr weiter mitgestalten, da es immer schwieriger wurde, montagsmorgens mit gen\u00fcgend Spielleuten aufzutreten.<span class=\"Apple-converted-space\">\u00a0<\/span><\/p><p>Ein wichtiger Meilenstein in der Geschichte des Tambourcorps war die Generalversammlung im Jahr 2004. In der Sitzung wurde \u00fcber eine \u00c4nderung der Satzung zur Aufnahme von Frauen als aktive Mitglieder diskutiert. Die gro\u00dfe Mehrheit der Spielleute stimmte f\u00fcr die Satzungs\u00e4nderung. \u201eEine der letzten M\u00e4nnerbastionen in Effeln ist gefallen\u201c, berichtete ein paar Tage sp\u00e4ter die Tageszeitung \u201eDer Patriot\u201c. Dieser richtungsweisende Schritt war aus heutiger Sicht eine absolut richtige Entscheidung, da hierdurch die Mitgliederzahlen wieder stabilisiert werden konnten. Schon kurze Zeit sp\u00e4ter begann eine neue Ausbildungsrunde, an der auch die ersten M\u00e4dchen teilnahmen.<span class=\"Apple-converted-space\">\u00a0<\/span><\/p><p>Nach sechs Jahren Dirigentent\u00e4tigkeit gab Markus Strugholz den Tambourstab im Jahr 2005 an Karsten Strugholtz weiter. Bei der Generalversammlung im darauffolgenden Jahr wurde Heinz Besse zum Ehrenvorsitzenden ernannt. Er beendete 2006 seine Zeit als aktiver Spielmann im Tambourcorps und wurde daraufhin, unter anderem f\u00fcr sein fr\u00fcheres Engagement als erster Vorsitzender, mit der Ehrenmitgliedschaft geehrt.<\/p><p>Grund zum Feiern gab es im April 2010 aus Anlass des 90-j\u00e4hrigen Jubil\u00e4ums. Man feierte mit \u00fcber 400 G\u00e4sten, darunter zw\u00f6lf Gastvereine. Der Samstag begann mit einem Sternmarsch durch Effeln und einem Gemeinschaftsspiel auf dem Dorfplatz. Mit der Tanzband \u201eVision\u201c aus Anr\u00f6chte verbrachten die Spielleute noch viele sch\u00f6ne Stunden mit ihren G\u00e4sten. Ein lockerer Fr\u00fchschoppen im Gasthof Grofe rundete das Jubil\u00e4umswochenende sonntags nach einem Gottesdienst ab.<span class=\"Apple-converted-space\">\u00a0<\/span><\/p><p>Im Jahr 2011 verpflichtete uns kurzfristig der Sch\u00fctzenk\u00f6nig aus Grevenstein, beim dortigen Sch\u00fctzenfest mitzuwirken. An diesem Tag spielten wir im Garten des K\u00f6nigs ein Platzkonzert und marschierten anschlie\u00dfend im Umzug mit. Dieser Tag bereitete allen Spielleuten gro\u00dfe Freude, da sie nicht nur mit Freigetr\u00e4nken versorgt wurden, sondern auch mit ihren Gesangseinlagen f\u00fcr Stimmung sorgen konnten. <span class=\"Apple-converted-space\">\u00a0<\/span><\/p><p>Bei der Generalversammlung im Jahr 2015 wurde Wolfgang Wiese als aktiver Spielmann verabschiedet. Neben seiner langj\u00e4hrigen aktiven Mitgliedschaft war er auch viele Jahre als Schriftf\u00fchrer im Vorstand aktiv. Daf\u00fcr wurde er von den Spielleuten zum Ehrenmitglied ernannt.<span class=\"Apple-converted-space\">\u00a0<\/span><\/p><p>Zwei Jahre sp\u00e4ter, 2017, wurde in Effeln das 800-j\u00e4hrige Dorfjubil\u00e4um gefeiert. An den dazugeh\u00f6rigen Festveranstaltungen, wie der Menschenkette und dem Festwochenende, nahm das Tambourcorps teil. Besonders das eigentliche Jubil\u00e4umswochenende ist in guter Erinnerung geblieben. Samstags marschierten die Spielleute vor den Abordnungen aller Effelner Vereine und Unternehmen in die Sch\u00fctzenhalle ein. Anschlie\u00dfend trugen sie das St\u00fcck \u201eAmboss-Polka\u201c mit einem echten Amboss vor. Sonntags spielte das Tambourcorps auf der Festb\u00fchne und pr\u00e4sentierte sich den G\u00e4sten mit einem eigenen Stand.<span class=\"Apple-converted-space\">\u00a0<\/span><\/p><p>Im Jahr 2019 stand erneut ein Tambourmajor-Wechsel an. Dieses Amt \u00fcbergab Karsten Strugholtz nach 14 Jahren an Martin Busch. Au\u00dferdem musste die Satzung f\u00fcr die Wahrung der Gemeinn\u00fctzigkeit neu aufgesetzt werden. Ein besonderes Erlebnis im gleichen Jahr war das sicherlich das Bundessch\u00fctzenfest in Medebach. Da das Kreisk\u00f6nigspaar des Altkreises Lippstadt mit Jannik K\u00f6hne und Laura Henke aus Effeln kam, f\u00fchrte das Tambourcorps Effeln als erste Musikgruppe den riesigen Festzug mit 12.000 Sch\u00fctzen und Musikern an.<span class=\"Apple-converted-space\">\u00a0<\/span><\/p><p>Heute, im Jahr 2020, kann das Tambourcorps stolz auf 100 Jahre Vereinsgeschichte zur\u00fcckblicken. Mit aktuell 65 aktiven Mitgliedern ist der Verein auch f\u00fcr die Zukunft gut aufgestellt.<span class=\"Apple-converted-space\">\u00a0<\/span><\/p><p><b><i>\u201eM\u00f6gen noch lange und oft die Fl\u00f6tent\u00f6ne und die Trommeln den Takt in Effeln angeben!\u201c<span class=\"Apple-converted-space\">\u00a0<\/span><\/i><\/b><\/p><p><i><span class=\"Apple-converted-space\">\u00a0 \u00a0 \u00a0 \u00a0 \u00a0 \u00a0 \u00a0 \u00a0 \u00a0 \u00a0 \u00a0 \u00a0 \u00a0 \u00a0 \u00a0 \u00a0 \u00a0 \u00a0 \u00a0 \u00a0 \u00a0 \u00a0 \u00a0 \u00a0 \u00a0 \u00a0 \u00a0 \u00a0 \u00a0 \u00a0 \u00a0 \u00a0 \u00a0 \u00a0 \u00a0 \u00a0 \u00a0 \u00a0 \u00a0 \u00a0 \u00a0 \u00a0 \u00a0 \u00a0 \u00a0 \u00a0 \u00a0 \u00a0 \u00a0 \u00a0 \u00a0 \u00a0 \u00a0 \u00a0 \u00a0 \u00a0 \u00a0 \u00a0 \u00a0 \u00a0 \u00a0 \u00a0 \u00a0 \u00a0 \u00a0 \u00a0 \u00a0 \u00a0 \u00a0 \u00a0 \u00a0 \u00a0 \u00a0 \u00a0 \u00a0 \u00a0 \u00a0 <\/span>Hans Breider, 1990<\/i><\/p><p>Wir bedanken uns bei allen Mitgliedern, Freunden und<span class=\"Apple-converted-space\">\u00a0<\/span><\/p><p>G\u00f6nnern f\u00fcr die Unterst\u00fctzung in den letzten 100 Jahren.<\/p><p><span class=\"Apple-converted-space\">\u00a0<\/span><\/p>\t\t\t\t\t\t\t\t<\/div>\n\t\t\t\t<\/div>\n\t\t\t\t\t<\/div>\n\t\t<\/div>\n\t\t\t\t\t<\/div>\n\t\t<\/section>\n\t\t\t\t<\/div>\n\t\t","protected":false},"excerpt":{"rendered":"<p>Die Geschichte des Tamburcorps Effeln Aus der Gr\u00fcndungszeit\u00a0 In den Folgejahren des ersten Weltkriegs bildeten sich in den Orten des Altkreises Lippstadt zahlreiche Musikgruppen, die als Ursprung f\u00fcr die heutigen Spielmannsz\u00fcge und Tambourcorps gelten. Vor allem bei j\u00fcngeren M\u00e4nnern rief die Spielmannsmusik damals viel Freude und Begeisterung hervor. Im Jahr 1920 fanden sich dann auf Initiative von Theodor Breider auch in Effeln einige junge M\u00e4nner zusammen. Unter Pastor Alfons Peters wurde kurzerhand aus dem ehemaligen J\u00fcnglingsverein heraus eine Kn\u00fcppelmusik gegr\u00fcndet. Es war die Geburtsstunde des Tambourcorps Effeln. Neben Theodor Breider, der dann der erste Tambourmajor wurde, z\u00e4hlten zu den Gr\u00fcndungsmitgliedern Franz Buschk\u00fchl, Josef G\u00f6ckede, Robert Edelmann, Edmund Sch\u00e4fer, Gerhard Westhoff, Josef Grobe, Heinrich Dauk, Anton Grobe, Alex Strugholtz, Josef Breider, Hans Breider, Theodor Strugholtz und Wilhelm Grobe. F\u00fcr die Anschaffung von Instrumenten war in den damals schweren wirtschaftlichen Zeiten weder bei beh\u00f6rdlichen, kommunalen noch bei kirchlichen Stellen Geld vorhanden. \u201eWann dei Jungens ne Kn\u00fcppelmusik hewwen wellt, mot se sick eune keopen\u201c, war die Meinung der \u00c4lteren. So entstand der Plan, das Gras an den Wegrainen zu m\u00e4hen und liegengebliebene \u00c4hren auf den abgeernteten Weizenfeldern zu sammeln. Der Transport des Heus zur\u00fcck ins Dorf war eine anstrengende Angelegenheit. Nur selten konnte man heimlich auf die Hilfe der Pferde von B\u00fckers (Gerhard Westhoff) oder Bierbrots Bauer (Heinrich Dauck) zur\u00fcckgreifen. Die wochenlange Arbeit musste somit meist aus eigenen Kr\u00e4ften gemeistert werden. Von dem verdienten Geld aus dem Dreschen und Heuen kaufte man dann die ersten Instrumente. Zur damaligen Zeit spielte man noch auf Holzfl\u00f6ten, die heute l\u00e4ngst durch Metallfl\u00f6ten ersetzt wurden.\u00a0 \u201eDie ersten Instrumente des Tambourcorps Effeln waren: Acht Querfl\u00f6ten, vier Trommeln, eine Pauke und ein Tambourstab. Sie wurden beim Versandhaus Meinel &amp; Herold in Th\u00fcringen gekauft.\u201c\u00a0 Die jungen Effelner konnten nun endlich mit dem \u00dcben der ersten M\u00e4rsche beginnen. Die paramilit\u00e4rische Ausbildung stand unter der Leitung von Maurermeister Franz Dauck, der im ersten Weltkrieg Milit\u00e4rmusiker gewesen war. \u201eDer alte Dauck hat uns eingetrimmt, auf Oberschmiers Wiese hinter der Sch\u00fctzenhalle. Auf der Chaussee von Effeln nach Menzel wurde ge\u00fcbt und wenn wir den ersten Marsch fehlerfrei konnten, marschierten wir sogar nach Menzel hinein. Dort gab es dann ein Glas Bier. Auch die Menzeler bekamen dann Spa\u00df an einem eigenen Corps\u201c, berichtet Hans Breider 1980 in einem Brief zum 60-j\u00e4hrigen Jubil\u00e4um. Abgesehen vom Sch\u00fctzenfest in Effeln geh\u00f6rten die Diakonats-Veranstaltungen der J\u00fcnglingsvereine in Erwitte und M\u00fclheim an der M\u00f6hne zu den ersten gro\u00dfen Auftritten. Die nachtr\u00e4glichen Berichte an Pastor Peters, dass seine schneidige Kn\u00fcppelmusik von allen den besten Eindruck hinterlassen habe, st\u00e4rkte das junge R\u00fcckgrat der Effelner Musiker. Schlie\u00dflich wagte man sogar den Schritt zum Tambourwettstreit in Allagen. Das Tambourcorps Effeln war mit nur etwa f\u00fcnf Mann die kleinste Abordnung. Die anderen Vereine waren viel st\u00e4rker vertreten und es war sogar ein Milit\u00e4rcorps unter den Konkurrenten. Der Wettstreit ist immer in guter Erinnerung geblieben.\u00a0 Nach Theo Breider \u00fcbernahm Bernhard Sch\u00e4fer das Amt des Tambourmajors. Ihm folgte Alex Strugholtz, der das Tambourcorps bis zum Beginn des zweiten Weltkriegs f\u00fchrte. Obwohl Alex Strugholtz in den Kriegsjahren nach Langenberg zog, pflegten die Effelner Spielleute sp\u00e4ter noch den Kontakt zu ihrem ehemaligen Tambourmajor mit gegenseitigen Einladungen zu Jubil\u00e4en oder Sch\u00fctzenfesten. Berichten zufolge soll das Tambourcorps Effeln nach dem Krieg sogar einige Uniformen, die beim Spielmannszug Langenberg ausgemustert wurden, bekommen haben.\u00a0 Nach dem Krieg: Wiederbeginn Kurz nach dem verheerenden zweiten Weltkrieg wollte man in Effeln zur Normalit\u00e4t zur\u00fcck und man begann, ab dem Jahr 1947 wieder Sch\u00fctzenfeste zu feiern. Da einige Spielleute leider nicht mehr lebend aus dem Krieg zur\u00fcckkehrten, konnte kurzfristig kein spielf\u00e4higes Tambourcorps aufgestellt werden. Es mussten also wieder neue Spielleute gewonnen werden.\u00a0 Die Kriegsversehrten Theo Reine, Josef Schulte, Anton Grobe und Willi M\u00fcller geh\u00f6rten schon dem damaligen Tambourcorps vor dem Krieg an. Sie versuchten nun, f\u00fcr eine Neuaufstellung einige Mitstreiter im Ort zu finden. Im gleichen Jahr fand auf dem Sportplatz, der damals noch am Menzeler Weg auf Redders Wiese war, ein Fu\u00dfballpokalfest statt. Zu dieser Veranstaltung marschierten die vier M\u00e4nner vor der Dorfbev\u00f6lkerung musikalisch aus dem Dorf heraus zum Sportplatz. Im Anschluss machten sie Werbung in eigener Sache und sprachen die anwesenden M\u00e4nner an, sich ihnen anzuschlie\u00dfen. Damit hatten sie Erfolg. Bis die ersten Vorbereitungen in die Wege geleitet wurden, dauerte es allerdings bis zum Karnevalssonntag im darauffolgenden Jahr. Bei der Generalversammlung des Sch\u00fctzenvereins beschlossen die Mitglieder, dass beim n\u00e4chsten Sch\u00fctzenfest im Sommer wieder eine eigene Musik aufspielen sollte. Es war das erhoffte und erwartete Signal an die Spielleute des Tambourcorps. Schon am Aschermittwoch 1948 fand daraufhin das erste Treffen bei Familie Reine auf der Deele statt. Dann wurde eingeteilt. Hubert Siedhoff \u00fcbernahm das Amt des Tambourmajors. Reinhold Siedhoff, Josef R\u00f6bbecke, Alfons Siedhoff und Josef Hartmann spielten die vier noch vorhandenen Trommeln. Die Fl\u00f6ten f\u00fcr Theodor Siedhoff, Wilhelm Wulf, Josef Wulf, Johannes R\u00f6bbecke, G\u00fcnter Hoffmann, Walter F\u00f6rster, Wilhelm F\u00f6rster und Karl Josef Gerken jedoch mussten erst noch besorgt werden. Nachdem diese H\u00fcrde genommen war, konnte es endlich losgehen.\u00a0 Die Fl\u00f6ter trafen sich fortan bei Schulten zum \u00dcben und die Trommler gingen zu Reines. In den Wintermonaten \u00fcbte man in den St\u00e4llen, da es dort w\u00e4rmer war als in den Deelen. F\u00fcr die ersten Auftritte ben\u00f6tigte man auch Uniformen. Jeder musste sich eine dunkle Jacke und Schwalbennester besorgen, welche selbst angebracht wurden. Dazu trug man eine wei\u00dfe Hose. Auch die M\u00fctzen mussten selbst besorgt werden. Sie hatten die Form einer Schifferm\u00fctze. Zu jedem Auftritt, seien es Freundschaftstreffen oder Sch\u00fctzenfeste, trug man eine wei\u00dfe Hose. Die einzige Ausnahme war der \u201eSchnapszug\u201c am Sch\u00fctzenfestsamstag in Effeln. Da trug man zivile, dunkle Hosen. Bis zum Sch\u00fctzenfest wurde dann drei Mal w\u00f6chentlich in den einzelnen Stimmen geprobt. Sonntags nach dem Hochamt stand dann die Gemeinschaftsprobe an. Wer nicht bei den Proben erschien, musste 1 DM Strafgeld zahlen, wobei der Betrag schnell wieder auf 0,50 DM herabgesetzt wurde. Heute gibt es schon lange kein Strafgeld mehr. Durch die vielen \u00dcbungsabende schaffte man es, dass bis zum Sch\u00fctzenfest drei M\u00e4rsche gespielt werden konnten: Preu\u00dfensgloria, J\u00e4germarsch und der Liebenmarsch. Au\u00dferdem beherrschte man schon das Anlocken. Nach dem ersten Sch\u00fctzenfest 1948 ging es dann mit den Proben weiter und dank einiger Musiker vom Niederbergheimer Corps konnten weitere M\u00e4rsche einge\u00fcbt werden. Die Ausbildung des Tambourmajors \u00fcbernahm Werner Borgschulte aus Anr\u00f6chte, der zu Kriegszeiten als Tambourmajor in einem Milit\u00e4rcorps aktiv war und als einer der f\u00e4higsten Stabf\u00fchrer im Umkreis galt. Kurze Zeit sp\u00e4ter folgten die ersten ausw\u00e4rtigen Auftritte. So spielte man bei den Sch\u00fctzenfesten in Menzel und Uelde. In Menzel trat man allerdings nur zwei Jahre auf, da sich im Nachbardorf ein eigenes Corps formierte. Auch in Uelde wurde man schnell vom Spielmannszug aus Belecke abgel\u00f6st, weil diese auf dem Sch\u00fctzenfest kostenlos spielten. Dem Tambourcorps schlossen sich im Jahr 1952 weitere Spielleute an. Antonius Hartmann und Winfried Strugholz kamen als Fl\u00f6tisten und Alfons Linhoff als Trommler dazu. Im Jahr 1954 stand dann ein Tambourmajor-Wechsel an. Hubert Siedhoff gab den Stab an Siegfried Wiese weiter. Ein Jahr sp\u00e4ter ernannten die Spielleute mit Alfons Linhoff erstmals einen Kassierer.\u00a0 Hier soll das Gruppenfoto von 1958 eingef\u00fcgt werden. Um den Verein besser f\u00fchren und nach Au\u00dfen pr\u00e4sentieren zu k\u00f6nnen, entschloss man sich im Jahr 1967 dazu, j\u00e4hrlich eine Generalversammlung abzuhalten und einen Vorstand zu w\u00e4hlen. Zum ersten Vorsitzenden wurde Theo Siedhoff gew\u00e4hlt, der aber bereits seit 1962 Vorstandsaufgaben \u00fcbernahm. Dem Vorstand geh\u00f6rten weiterhin der zweite Vorsitzende Willi F\u00f6rster, der Schriftf\u00fchrer Winfried Strugholz, der Tambourmajor Siegfried Wiese und der Kassierer Alfons Linhoff an. Bis zum Jahr 1966 geh\u00f6rten zur Uniform noch schwarze Jacken mit Kordeln sowie schwarze Krawatten. Bei den Festumz\u00fcgen wurden eine wei\u00dfe Hose, eine Fliege und ein wei\u00dfer \u00dcberzug \u00fcber die M\u00fctze getragen. 1967 wurde die Montur dann ver\u00e4ndert und gegen eine neue Uniform, wie wir sie heute tragen, ersetzt. Dazu ben\u00f6tigte man einiges an Geld. Das Tambourcorps veranstaltete zur Aufbesserung der Vereinskasse ein Preisschie\u00dfen beim Gasthof Grofe. Jeder musste Geld einzahlen. Die Gewinne wurden an die Teilnehmer mit den h\u00f6chst\u00a0 erzielten Nummern ausgesch\u00fcttet. Auch ein Preisknobeln nach \u00e4hnlichem Prinzip fand mehrmals statt, um die Vereinskasse aufzubessern. Das Geld wurde nicht nur in neue Uniformen investiert. 1970 schaffte das Tambourcorps Effeln die erste Lyra des Vereins an. Durch dieses Instrument konnte der Klang des Tambourcorps deutlich verbessert werden. Als ersten Lyraspieler erkor man Heinrich G\u00f6ckede. Au\u00dferdem wurden die Schlagfelle der Trommeln erneuert. Bis zum Jahr 1970 bestanden diese n\u00e4mlich noch aus Ziegenfell. Wenn es bei Auftritten an Sch\u00fctzenfesten regnete, mussten damals Plastikt\u00fcten \u00fcber die Trommeln gezogen werden, um sie vor Schaden zu sch\u00fctzen. Durch die Anschaffung von Schlagfellen aus Kunststoff waren diese Instrumente weniger witterungsanf\u00e4llig. Im September 1970 wurde dann mit dem 50-j\u00e4hrigen Bestehen das erste Mal in der Vereinsgeschichte ein Jubil\u00e4um gefeiert. Das Jubil\u00e4umswochenende begann samstags in der Sch\u00fctzenhalle mit einer Festversammlung, bei der zahlreiche Jubilare geehrt wurden. Anschlie\u00dfend verbrachte man zu den Kl\u00e4ngen der Hirschberger Stadtkapelle einige sch\u00f6ne Stunden. Am Sonntag fanden morgens ein Festhochamt und nachmittags ein gro\u00dfer Umzug mit 15 Spielmannsz\u00fcgen und Musikkapellen statt. Der Gr\u00fcndungstambourmajor Theo Breider hielt auf dem Marktplatz eine Festrede und erinnerte dabei, teils noch auf Plattdeutsch, an die Gr\u00fcnderjahre der Kn\u00fcppelmusik. Im weiteren Verlauf wurde Alex Strugholtz\u00a0 zum Ehrentambourmajor ernannt. Dem Festakt auf dem Marktplatz schlossen sich die B\u00fchnenspiele in der Sch\u00fctzenhalle an. Ein Jahr sp\u00e4ter, 1971, besuchten die Spielleute den Gr\u00fcndungstambourmajor Theo Breider am M\u00fchlenhof-Museum in M\u00fcnster, die schon viele Jahre zuvor zu seiner neuen Heimatstadt wurde. Sie bedankten sich bei ihm f\u00fcr die vorgetragene Festansprache beim 50-j\u00e4hrigen Jubil\u00e4um mit einem St\u00e4ndchen und \u00fcberbrachten zwei Geschenke f\u00fcr sein M\u00fchlenhof-Museum: Eine h\u00f6lzerne Trille (Aufzug) und einen Dreschflegel. \u201eDie G\u00e4ste wurden mit dr\u00fcgen Endkes aus dem Wiem, mit Korn und Bier herzlich bewirtet\u201c, schrieb sp\u00e4ter, die schon viele Jahre zuvor zu seiner neuen Heimatstadt wurde.\u00a0 Die Jahre 1974 bis 1999 \u00a0 \u00a0 \u00a0 1974 fand dann ein Wechsel an der Vereinsspitze des Tambourcorps Effeln statt. Reinhard Strugholtz wurde bei der Generalversammlung von den Spielleuten zum neuen Tambourmajor gew\u00e4hlt. Er intensivierte in den Folgejahren die Ausbildung neuer Musiker.\u00a0 Da die \u00dcbungsbeteiligung zwei Jahre sp\u00e4ter aus Sicht des Vorstands nicht mehr optimal war, wurde eine neue Regel eingef\u00fchrt. Wer sich nicht an mindestens 50% der \u00dcbungsabende beteiligte, durfte beim Sch\u00fctzenfest nicht mitmarschieren. Diese Regel zeigte offenbar Wirkung, denn dadurch stieg die \u00dcbungsbeteiligung sp\u00fcrbar an. Als sich 1975 der Kreisverband Soest des Volksmusikerbundes NRW gr\u00fcndete, schlossen sich dieser Dachorganisation in den Folgejahren immer mehr Vereine aus der Umgebung an. 1980 entschied sich auch das Tambourcorps Effeln f\u00fcr einen Beitritt. Die Vorteile lagen auf der Hand: Durch die M\u00f6glichkeit der Teilnahme an Notenlehrg\u00e4ngen, sah man die Chance, die Ausbildung neuer Spielleute professioneller zu gestalten und somit die Qualit\u00e4t zu erh\u00f6hen. \u201eDer Volksmusikerbund NRW ist der Landesmusikverband f\u00fcr Blasorchester, Spielmannsz\u00fcge und Fanfarenz\u00fcge in Nordrhein-Westfalen. Eines der wichtigsten Ziele ist es, die Tradition, Gegenwart und Zukunft des aktiven Musiklebens zu pflegen, zu f\u00f6rdern und weiterzuf\u00fchren. Dazu werden staatlich anerkannte Musiklehrg\u00e4nge sowie Ausbildungs-Workshops und Seminare unterschiedlichster Art angeboten. Sie bilden die Grundlage daf\u00fcr, dass die Kreisverb\u00e4nde nah und gut mit ihren Mitgliedern zusammenarbeiten und sie unterst\u00fctzen k\u00f6nnen.\u201c\u00a0 Im Jahr 1982 spielte der Verein erstmals beim M\u00e4nnersch\u00fctzenfest in Anr\u00f6chte. Dort war das Tambourcorps alle drei Festtage aktiv dabei. Zu diesem Zeitpunkt z\u00e4hlte das Tambourcorps 31 aktive Mitglieder.\u00a0 In diesem Jahr besuchten die j\u00fcngeren Fl\u00f6tisten erstmals einen Notenlehrgang in V\u00f6llinghausen, was durch den Beitritt in den Volksmusikerbund NRW erm\u00f6glicht wurde.\u00a0 Auch im Jahr darauf, 1983, trieb man das Spielen nach Noten weiter voran. Dazu holte man sich fachliche Hilfe von Robert B\u00f6melburg, der seinerzeit stellvertretender Fachleiter f\u00fcr Spielmannmusik im Kreisverband Soest war. Er brachte den Spielleuten an insgesamt sieben \u00dcbungsabenden die Grundkenntnisse der Notenlehre bei, sodass am Ende des Lehrgangs sogar die ersten zwei M\u00e4rsche nach Noten gespielt werden konnten.\u00a0 Nachdem das Tambourcorps bereits im Jahr 1971 der Einladung von Theo Breider zur Bockwindm\u00fchle nach M\u00fcnster folgte, besuchte man ihn im Jahr 1983 an gleicher Stelle erneut. Der Anlass war dieses Mal der 80. Geburtstag des einstigen Tambourmajors. Als Geschenk brachten die Spielleute ihm die Effelner Feuerwehrspritze f\u00fcr sein M\u00fchlenhofmuseum mit. Die Geburtstagsfeier wurde sogar im Westdeutschen Rundfunk \u00fcbertragen.\u00a0 In den 1980er-Jahren nahm das Tambourcorps Effeln j\u00e4hrlich am Rosenmontagszug in R\u00fcthen teil. Dort marschierte man in einheitlicher Verkleidung mit und sorgte&#8230;<\/p>\n","protected":false},"author":1,"featured_media":0,"parent":0,"menu_order":0,"comment_status":"closed","ping_status":"closed","template":"elementor_header_footer","meta":{"footnotes":""},"class_list":["post-35","page","type-page","status-publish","hentry"],"_links":{"self":[{"href":"http:\/\/tambourcorps-effeln.de\/index.php?rest_route=\/wp\/v2\/pages\/35","targetHints":{"allow":["GET"]}}],"collection":[{"href":"http:\/\/tambourcorps-effeln.de\/index.php?rest_route=\/wp\/v2\/pages"}],"about":[{"href":"http:\/\/tambourcorps-effeln.de\/index.php?rest_route=\/wp\/v2\/types\/page"}],"author":[{"embeddable":true,"href":"http:\/\/tambourcorps-effeln.de\/index.php?rest_route=\/wp\/v2\/users\/1"}],"replies":[{"embeddable":true,"href":"http:\/\/tambourcorps-effeln.de\/index.php?rest_route=%2Fwp%2Fv2%2Fcomments&post=35"}],"version-history":[{"count":24,"href":"http:\/\/tambourcorps-effeln.de\/index.php?rest_route=\/wp\/v2\/pages\/35\/revisions"}],"predecessor-version":[{"id":326,"href":"http:\/\/tambourcorps-effeln.de\/index.php?rest_route=\/wp\/v2\/pages\/35\/revisions\/326"}],"wp:attachment":[{"href":"http:\/\/tambourcorps-effeln.de\/index.php?rest_route=%2Fwp%2Fv2%2Fmedia&parent=35"}],"curies":[{"name":"wp","href":"https:\/\/api.w.org\/{rel}","templated":true}]}}